{"id":9580,"date":"2019-07-09T10:33:50","date_gmt":"2019-07-09T10:33:50","guid":{"rendered":"http:\/\/www.hollersbach.nl\/zomer-in-hollersbach\/"},"modified":"2019-10-17T09:09:07","modified_gmt":"2019-10-17T09:09:07","slug":"sommer-in-hollersbach","status":"publish","type":"page","link":"https:\/\/herz3.com\/de\/sommer-in-hollersbach\/","title":{"rendered":"Sommer in Hollersbach"},"content":{"rendered":"\r\n<section class=\"sh-section sh-section-6a6a54b9125390deda5b854217cf4d3f fw-main-row image-mobile-table sh-section-visibility-everywhere\">\r\n\t\r\n\t\r\n\t<div class=\"sh-section-container container-fluid\">\r\n\t\t<div class=\"fw-row\">\n\t\n<div class=\"sh-column sh-column-fa2504bc1ca89346d9657c253dd33887 fw-col-xs-12 fw-col-sm-6 image-mobile-left\" >\n\n\t\n\t<div class=\"sh-column-wrapper\">\n\t\t\n\n\t<div class=\"sh-heading sh-heading-style1\" id=\"heading-ad47a09b5e8c5b04ac15575065103f96\">\n\t\t<h3 class=\"sh-heading-content size-default\">\n\t\t\t<h3 class=\"vc_custom_heading\">Sommer in Hollersbach<\/h3>\t\t<\/h3>\n\t<\/div>\n\n\n<div id=\"text-block-4872fdbe372dca7ea8951f01d846f3a6\" class=\"sh-text-block\">\n\t<p>Unser Haus steht zentral gelegen inmitten der herrlichen Bergkulisse des Nationalparks Hohe Tauern und den Kitzb\u00fcheler Grasbergen. F\u00fcr sportbegeisterte bieten sich zahlreiche Aktivit\u00e4ten wie Wandern, Bergsteigen, Radfahren, Mountainbiken\u2026<br \/>Oder man will einfach nur die Seele baumeln lassen und die Natur und Landschaft genie\u00dfen, auch daf\u00fcr bietet sich die Region an.<br \/>\u00dcber Geheimtipps und besondere Tipps informieren wir Sie gerne an der Rezeption.<\/p><\/div>\t<\/div>\n<\/div>\n\n<div class=\"sh-column sh-column-dbaaadfebf9bb36acff77211faf9d54a fw-col-xs-12 fw-col-sm-6 image-mobile-right\" >\n\n\t\n\t<div class=\"sh-column-wrapper\">\n\t\t\n<div class=\"sh-empty-space\" id=\"empty-space-86c52a704c5cd7e7b9555a6e42db6af1\"><\/div>\t<\/div>\n<\/div>\n<\/div>\n\n<div class=\"fw-row\">\n\t\n<div class=\"sh-column sh-column-4af6f7709824cf778b5dfba72bdb79b2 fw-col-xs-12 fw-col-sm-6 image-mobile-right\" >\n\n\t\n\t<div class=\"sh-column-wrapper\">\n\t\t\n<div class=\"sh-empty-space\" id=\"empty-space-280a2888bf8c88b5c1e589f9a106b2a0\"><\/div>\t<\/div>\n<\/div>\n\n<div class=\"sh-column sh-column-bf821cc3d9fa5c8fc1a3dcf772d00d76 fw-col-xs-12 fw-col-sm-6 image-mobile-left\" >\n\n\t\n\t<div class=\"sh-column-wrapper\">\n\t\t\n\n\t<div class=\"sh-heading sh-heading-style1\" id=\"heading-f057b9158374bf1c95bc6f8bd6bfae9c\">\n\t\t<h3 class=\"sh-heading-content size-default\">\n\t\t\t<h3 class=\"vc_custom_heading\">Wandern und Bergsteigen<\/h3>\t\t<\/h3>\n\t<\/div>\n\n\n<div id=\"text-block-ad7cfcc37e6b84e32e29a53db76263a9\" class=\"sh-text-block\">\n\t<p>Der Nationalpark hohe Tauern erstreckt sich \u00fcber ein Gebiet von 1800km2. Bei Schlechtwetter empfiehlt sich ein Besuch des Nationalparkzentrums in Mittersill, wo man in einer sehr eindrucksvollen Ausstellung vieles \u00fcber die vielf\u00e4ltige Bergwelt und deren Flora und Fauna erf\u00e4hrt.<br \/>Neben dem h\u00f6chsten Berg Salzburgs, dem Gro\u00dfvenediger mit 3666m, oder den Krimmler Wasserf\u00e4llen mit einer Fallh\u00f6he von 380Hm, gibt es viele wundervolle und besondere Orte in unserer Umgebung.<br \/>1,5 km vom Herz3 entfernt liegt die Talstation der Panoramabahn Kitzb\u00fcheler Alpen. Auch im Sommer lohnt sich eine Gondelfahrt um das herrliche Panorama zu genie\u00dfen und am Resterkogel eine sch\u00f6ne Wanderung oder einen gem\u00fctlichen Spaziergang zu machen.<br \/>F\u00fcr Informationen stehen wir jederzeit gerne zur Verf\u00fcgung.<\/p><\/div>\t<\/div>\n<\/div>\n<\/div>\n\n<div class=\"fw-row\">\n\t\n<div class=\"sh-column sh-column-dc8adfb69beac071644cdbc925c21dae fw-col-xs-12 fw-col-sm-6 image-mobile-left\" >\n\n\t\n\t<div class=\"sh-column-wrapper\">\n\t\t\n\n\t<div class=\"sh-heading sh-heading-style1\" id=\"heading-767f3f007786e4386662c70c6cfdc5dd\">\n\t\t<h3 class=\"sh-heading-content size-default\">\n\t\t\t<h3 class=\"vc_custom_heading\">Mountainbike und Radfahren<\/h3>\t\t<\/h3>\n\t<\/div>\n\n\n<div id=\"text-block-3dec040554ac6c16b2bce5996359f5f8\" class=\"sh-text-block\">\n\t<p>Unser Hotel liegt direkt am Tauernradweg. Dieser erstreckt sich von Krimml nach Passau. Aber auch in der ganzen Umgebung bietet die Region zahlreiche und vielf\u00e4ltige Mountainbike- Touren und Trails. Ob sportlich, mit der Familie oder mit dem E- Bike. Es ist f\u00fcr jeden Radfahrer was dabei.<\/p><\/div>\t<\/div>\n<\/div>\n\n<div class=\"sh-column sh-column-dae0dc830e1590862cc169f94676d4d1 fw-col-xs-12 fw-col-sm-6 image-mobile-right\" >\n\n\t\n\t<div class=\"sh-column-wrapper\">\n\t\t\n<div class=\"sh-empty-space\" id=\"empty-space-b882597c885ee8632e3e6012c63347fa\"><\/div>\t<\/div>\n<\/div>\n<\/div>\n\n<div class=\"fw-row\">\n\t\n<div class=\"sh-column sh-column-b4d08a383f2d3d752ef16f9d0169a1f5 fw-col-xs-12 fw-col-sm-6 image-mobile-right\" >\n\n\t\n\t<div class=\"sh-column-wrapper\">\n\t\t\n<div class=\"sh-empty-space\" id=\"empty-space-5ec0abd7923f2305aeff680b99819b2b\"><\/div>\t<\/div>\n<\/div>\n\n<div class=\"sh-column sh-column-4ca316cb5bec918efafd17bcb170d562 fw-col-xs-12 fw-col-sm-6 image-mobile-left\" >\n\n\t\n\t<div class=\"sh-column-wrapper\">\n\t\t\n\n\t<div class=\"sh-heading sh-heading-style1\" id=\"heading-5e842a5239411655181de01a0c6cd1fa\">\n\t\t<h3 class=\"sh-heading-content size-default\">\n\t\t\t<h3 class=\"vc_custom_heading\">Badesee und Wasserspa\u00df<\/h3>\t\t<\/h3>\n\t<\/div>\n\n\n<div id=\"text-block-1d548f649a1050cffbf389701b3cf907\" class=\"sh-text-block\">\n\t<p>Der Hollersbacher Badesee ist besonders familientauglich, 800m vom Herz3 entfernt auch sehr schnell zu erreichen. Aber auch zum relaxen und Sonne tanken ist die Anlage sehr ansprechend. Ganz neu errichtet wurde 2019 eine Beachvolleyballanlage mit zwei Sandpl\u00e4tzen.<br \/>Wer gerne sch\u00f6ne Seen entdecken m\u00f6chte, ob mit dem SUP, Windsurfboard oder bei einer gem\u00fctlichen Bootsfahrt, sei Zell am See erw\u00e4hnt.<br \/><em><br \/>Weitere sch\u00f6ne Tipps:<\/em><\/p><ul><li>Schwarzsee bei Kitzb\u00fchel<\/li><li>Hintersee im Felbertal<\/li><li>Hintersteinersee am Wilden Kaiser<\/li><li>Stausee Durla\u00dfboden bei Gerlos<\/li><\/ul><\/div>\t<\/div>\n<\/div>\n<\/div>\n\n<div class=\"fw-row\">\n\t\n<div class=\"sh-column sh-column-c9ffb11e4921132c8fbc3ca05c3bc328 fw-col-xs-12 fw-col-sm-6 image-mobile-left\" >\n\n\t\n\t<div class=\"sh-column-wrapper\">\n\t\t\n\n\t<div class=\"sh-heading sh-heading-style1\" id=\"heading-5e5cf25342b002fe54c311b541d9ff02\">\n\t\t<h3 class=\"sh-heading-content size-default\">\n\t\t\t<h3 class=\"vc_custom_heading\">Kultur und Events<\/h3>\t\t<\/h3>\n\t<\/div>\n\n\n<div id=\"text-block-b7df5d489fb803d0d4990cf6c7d9062a\" class=\"sh-text-block\">\n\t<p>Wer vor hat viel zu unternehmen und sich die Region genauer anzusehen, dem empfehlen wir den Kauf der SalzburgerLandCard. Sie bietet freien Eintritt f\u00fcr 190 Sehensw\u00fcrdigkeiten in Land Salzburg und Salzburg Stadt. Die Karte kann man f\u00fcr 6 oder 12 Tage erwerben.<br \/>Besuch der Mozartstadt Salzburg: auf den Spuren Wolfgang A. Mozart eine Sightseeing Tour in unserer sch\u00f6nen Landeshauptstadt einzuplanen empfiehlt sich, wenn man Kultur und Stadtluft schnuppern m\u00f6chte.<\/p><\/div>\t<\/div>\n<\/div>\n\n<div class=\"sh-column sh-column-10a532c3c436ab7a5cd883a5e36ff779 fw-col-xs-12 fw-col-sm-6 image-mobile-right\" >\n\n\t\n\t<div class=\"sh-column-wrapper\">\n\t\t\n<div class=\"sh-empty-space\" id=\"empty-space-6b88d8952efa097dab359ac003c27d23\"><\/div>\t<\/div>\n<\/div>\n<\/div>\n\n<div class=\"fw-row\">\n\t\n<div class=\"sh-column sh-column-e74305f6f4f52ecfb935d6016cccb162 fw-col-xs-12 fw-col-sm-6 image-mobile-right\" >\n\n\t\n\t<div class=\"sh-column-wrapper\">\n\t\t\n<div class=\"sh-empty-space\" id=\"empty-space-944d6641c866217fb663fdb48f614820\"><\/div>\t<\/div>\n<\/div>\n\n<div class=\"sh-column sh-column-53dd773f387815b3b83a1bc3c24c2aa3 fw-col-xs-12 fw-col-sm-6 image-mobile-left\" >\n\n\t\n\t<div class=\"sh-column-wrapper\">\n\t\t\n\n\t<div class=\"sh-heading sh-heading-style1\" id=\"heading-08dd70af5b89957e4fb08b1d488145cf\">\n\t\t<h3 class=\"sh-heading-content size-default\">\n\t\t\t<h3 class=\"vc_custom_heading\">Kr\u00e4uterdorf Hollersbach<\/h3>\t\t<\/h3>\n\t<\/div>\n\n\n<div id=\"text-block-c1ddd4fa25b443421f632869e60fab07\" class=\"sh-text-block\">\n\t<p>Direkt vor unserer Haust\u00fcre befindet sich der Eingang in den Hollersbacher Schaukr\u00e4utergarten. Hinter dem Hotel sind die Hollersbacher Naturwerke. Hollersbach ist bekannt als \u201eKr\u00e4uterdorf\u201c. In zahlreichen Veranstaltungen wird das alte Wissen um die Heilkr\u00e4uter weitergegeben.<\/p><\/div>\t<\/div>\n<\/div>\n<\/div>\n\n<div class=\"fw-row\">\n\t\n<div class=\"sh-column sh-column-593108ea0f3f5f54beb64746a6b204db fw-col-xs-12 fw-col-sm-6 image-mobile-left\" >\n\n\t\n\t<div class=\"sh-column-wrapper\">\n\t\t\n\n\t<div class=\"sh-heading sh-heading-style1\" id=\"heading-549a15d0c7d913cc9614fddfc52bc3f1\">\n\t\t<h3 class=\"sh-heading-content size-default\">\n\t\t\t<h3 class=\"vc_custom_heading\">Erntedank und Bauernherbst<\/h3>\t\t<\/h3>\n\t<\/div>\n\n\n<div id=\"text-block-8a7a6de85765f70ab6e778ae1ce7d58c\" class=\"sh-text-block\">\n\t<p>Die goldene Jahreszeit zeichnet sich nicht nur durch seine Farbenpracht aus, die man besonders bei sch\u00f6nen Wanderungen genie\u00dfen kann.<br \/>Der Hollersbacher Almabtrieb ist jedesmal ein besonderes Fest. Die K\u00fche kehren von der Alm zur\u00fcck nach Hause. Nachdem die Tiere wieder gesund und erholt  von der Alm zur\u00fcckkommen und die Ernte eingeholt ist wird traditionellerweise und aus Dankbarkeit ausgiebig gefeiert.<\/p><p>Malerwochen<br \/>Hollersbach engagiert sich seit vielen Jahren f\u00fcr Kunst und Kultur. Die Hollersbacher Malerwochen sind immer gut besucht von Malerinnen und Malern. Gemeinsam veranstalten sie Workshops und haben in der Kunsthalle Kramerstall, 300m von Herz3 entfernt, ihr zu Hause gefunden.<\/p><\/div>\t<\/div>\n<\/div>\n\n<div class=\"sh-column sh-column-1c369f6ac4a5c9e53ecaa9e357f0bd60 fw-col-xs-12 fw-col-sm-6 image-mobile-right\" >\n\n\t\n\t<div class=\"sh-column-wrapper\">\n\t\t\n<div class=\"sh-empty-space\" id=\"empty-space-c4dc84dd20008dc0a56de7e5c22df6e1\"><\/div>\t<\/div>\n<\/div>\n<\/div>\n\n\t<\/div>\r\n<\/section>\r\n\n","protected":false},"excerpt":{"rendered":"<p>Sommer in Hollersbach Unser Haus steht zentral gelegen inmitten der herrlichen Bergkulisse des Nationalparks Hohe Tauern und den Kitzb\u00fcheler Grasbergen. F\u00fcr sportbegeisterte bieten sich zahlreiche Aktivit\u00e4ten wie Wandern, Bergsteigen, Radfahren, Mountainbiken\u2026Oder man will einfach nur die Seele baumeln lassen und die Natur und Landschaft genie\u00dfen,&#8230;<\/p>\n","protected":false},"author":1,"featured_media":0,"parent":0,"menu_order":0,"comment_status":"closed","ping_status":"closed","template":"","meta":{"footnotes":""},"class_list":["post-9580","page","type-page","status-publish","hentry"],"yoast_head":"<!-- This site is optimized with the Yoast SEO plugin v26.6 - https:\/\/yoast.com\/wordpress\/plugins\/seo\/ -->\n<title>Sommer in Hollersbach - Herz3<\/title>\n<meta name=\"robots\" content=\"index, follow, max-snippet:-1, max-image-preview:large, max-video-preview:-1\" \/>\n<link rel=\"canonical\" href=\"https:\/\/herz3.com\/de\/sommer-in-hollersbach\/\" \/>\n<meta property=\"og:locale\" content=\"de_DE\" \/>\n<meta property=\"og:type\" content=\"article\" \/>\n<meta property=\"og:title\" content=\"Sommer in Hollersbach - Herz3\" \/>\n<meta property=\"og:description\" content=\"Sommer in Hollersbach Unser Haus steht zentral gelegen inmitten der herrlichen Bergkulisse des Nationalparks Hohe Tauern und den Kitzb\u00fcheler Grasbergen. F\u00fcr sportbegeisterte bieten sich zahlreiche Aktivit\u00e4ten wie Wandern, Bergsteigen, Radfahren, Mountainbiken\u2026Oder man will einfach nur die Seele baumeln lassen und die Natur und Landschaft genie\u00dfen,...\" \/>\n<meta property=\"og:url\" content=\"https:\/\/herz3.com\/de\/sommer-in-hollersbach\/\" \/>\n<meta property=\"og:site_name\" content=\"Herz3\" \/>\n<meta property=\"article:modified_time\" content=\"2019-10-17T09:09:07+00:00\" \/>\n<meta name=\"twitter:card\" content=\"summary_large_image\" \/>\n<meta name=\"twitter:label1\" content=\"Gesch\u00e4tzte Lesezeit\" \/>\n\t<meta name=\"twitter:data1\" content=\"3\u00a0Minuten\" \/>\n<script type=\"application\/ld+json\" class=\"yoast-schema-graph\">{\"@context\":\"https:\/\/schema.org\",\"@graph\":[{\"@type\":\"WebPage\",\"@id\":\"https:\/\/herz3.com\/de\/sommer-in-hollersbach\/\",\"url\":\"https:\/\/herz3.com\/de\/sommer-in-hollersbach\/\",\"name\":\"Sommer in Hollersbach - Herz3\",\"isPartOf\":{\"@id\":\"https:\/\/herz3.com\/#website\"},\"datePublished\":\"2019-07-09T10:33:50+00:00\",\"dateModified\":\"2019-10-17T09:09:07+00:00\",\"breadcrumb\":{\"@id\":\"https:\/\/herz3.com\/de\/sommer-in-hollersbach\/#breadcrumb\"},\"inLanguage\":\"de\",\"potentialAction\":[{\"@type\":\"ReadAction\",\"target\":[\"https:\/\/herz3.com\/de\/sommer-in-hollersbach\/\"]}]},{\"@type\":\"BreadcrumbList\",\"@id\":\"https:\/\/herz3.com\/de\/sommer-in-hollersbach\/#breadcrumb\",\"itemListElement\":[{\"@type\":\"ListItem\",\"position\":1,\"name\":\"Home\",\"item\":\"https:\/\/herz3.com\/de\/\"},{\"@type\":\"ListItem\",\"position\":2,\"name\":\"Sommer in Hollersbach\"}]},{\"@type\":\"WebSite\",\"@id\":\"https:\/\/herz3.com\/#website\",\"url\":\"https:\/\/herz3.com\/\",\"name\":\"Herz3\",\"description\":\"Hollersbach\",\"potentialAction\":[{\"@type\":\"SearchAction\",\"target\":{\"@type\":\"EntryPoint\",\"urlTemplate\":\"https:\/\/herz3.com\/?s={search_term_string}\"},\"query-input\":{\"@type\":\"PropertyValueSpecification\",\"valueRequired\":true,\"valueName\":\"search_term_string\"}}],\"inLanguage\":\"de\"}]}<\/script>\n<!-- \/ Yoast SEO plugin. -->","yoast_head_json":{"title":"Sommer in Hollersbach - Herz3","robots":{"index":"index","follow":"follow","max-snippet":"max-snippet:-1","max-image-preview":"max-image-preview:large","max-video-preview":"max-video-preview:-1"},"canonical":"https:\/\/herz3.com\/de\/sommer-in-hollersbach\/","og_locale":"de_DE","og_type":"article","og_title":"Sommer in Hollersbach - Herz3","og_description":"Sommer in Hollersbach Unser Haus steht zentral gelegen inmitten der herrlichen Bergkulisse des Nationalparks Hohe Tauern und den Kitzb\u00fcheler Grasbergen. F\u00fcr sportbegeisterte bieten sich zahlreiche Aktivit\u00e4ten wie Wandern, Bergsteigen, Radfahren, Mountainbiken\u2026Oder man will einfach nur die Seele baumeln lassen und die Natur und Landschaft genie\u00dfen,...","og_url":"https:\/\/herz3.com\/de\/sommer-in-hollersbach\/","og_site_name":"Herz3","article_modified_time":"2019-10-17T09:09:07+00:00","twitter_card":"summary_large_image","twitter_misc":{"Gesch\u00e4tzte Lesezeit":"3\u00a0Minuten"},"schema":{"@context":"https:\/\/schema.org","@graph":[{"@type":"WebPage","@id":"https:\/\/herz3.com\/de\/sommer-in-hollersbach\/","url":"https:\/\/herz3.com\/de\/sommer-in-hollersbach\/","name":"Sommer in Hollersbach - Herz3","isPartOf":{"@id":"https:\/\/herz3.com\/#website"},"datePublished":"2019-07-09T10:33:50+00:00","dateModified":"2019-10-17T09:09:07+00:00","breadcrumb":{"@id":"https:\/\/herz3.com\/de\/sommer-in-hollersbach\/#breadcrumb"},"inLanguage":"de","potentialAction":[{"@type":"ReadAction","target":["https:\/\/herz3.com\/de\/sommer-in-hollersbach\/"]}]},{"@type":"BreadcrumbList","@id":"https:\/\/herz3.com\/de\/sommer-in-hollersbach\/#breadcrumb","itemListElement":[{"@type":"ListItem","position":1,"name":"Home","item":"https:\/\/herz3.com\/de\/"},{"@type":"ListItem","position":2,"name":"Sommer in Hollersbach"}]},{"@type":"WebSite","@id":"https:\/\/herz3.com\/#website","url":"https:\/\/herz3.com\/","name":"Herz3","description":"Hollersbach","potentialAction":[{"@type":"SearchAction","target":{"@type":"EntryPoint","urlTemplate":"https:\/\/herz3.com\/?s={search_term_string}"},"query-input":{"@type":"PropertyValueSpecification","valueRequired":true,"valueName":"search_term_string"}}],"inLanguage":"de"}]}},"_links":{"self":[{"href":"https:\/\/herz3.com\/de\/wp-json\/wp\/v2\/pages\/9580","targetHints":{"allow":["GET"]}}],"collection":[{"href":"https:\/\/herz3.com\/de\/wp-json\/wp\/v2\/pages"}],"about":[{"href":"https:\/\/herz3.com\/de\/wp-json\/wp\/v2\/types\/page"}],"author":[{"embeddable":true,"href":"https:\/\/herz3.com\/de\/wp-json\/wp\/v2\/users\/1"}],"replies":[{"embeddable":true,"href":"https:\/\/herz3.com\/de\/wp-json\/wp\/v2\/comments?post=9580"}],"version-history":[{"count":9,"href":"https:\/\/herz3.com\/de\/wp-json\/wp\/v2\/pages\/9580\/revisions"}],"predecessor-version":[{"id":9970,"href":"https:\/\/herz3.com\/de\/wp-json\/wp\/v2\/pages\/9580\/revisions\/9970"}],"wp:attachment":[{"href":"https:\/\/herz3.com\/de\/wp-json\/wp\/v2\/media?parent=9580"}],"curies":[{"name":"wp","href":"https:\/\/api.w.org\/{rel}","templated":true}]}}